{"id":2,"date":"2021-11-16T10:31:06","date_gmt":"2021-11-16T10:31:06","guid":{"rendered":"https:\/\/onlineistentisztelet.hu\/test\/?page_id=2"},"modified":"2022-03-28T17:24:05","modified_gmt":"2022-03-28T17:24:05","slug":"rolunk","status":"publish","type":"page","link":"https:\/\/onlineistentisztelet.hu\/test\/?page_id=2","title":{"rendered":"R\u00f3lunk"},"content":{"rendered":"[et_pb_section fb_built=&#8221;1&#8243; _builder_version=&#8221;4.14.6&#8243; _module_preset=&#8221;default&#8221; background_image=&#8221;https:\/\/onlineistentisztelet.hu\/test\/wp-content\/uploads\/2022\/03\/young-people-3575167-scaled.jpg&#8221; parallax=&#8221;on&#8221; custom_padding=&#8221;17.5%||33px||false|false&#8221; global_colors_info=&#8221;{}&#8221;][et_pb_row column_structure=&#8221;1_2,1_2&#8243; _builder_version=&#8221;4.14.6&#8243; _module_preset=&#8221;default&#8221; global_colors_info=&#8221;{}&#8221;][et_pb_column type=&#8221;1_2&#8243; _builder_version=&#8221;4.14.6&#8243; _module_preset=&#8221;default&#8221; global_colors_info=&#8221;{}&#8221;][\/et_pb_column][et_pb_column type=&#8221;1_2&#8243; _builder_version=&#8221;4.14.6&#8243; _module_preset=&#8221;default&#8221; global_colors_info=&#8221;{}&#8221;][et_pb_text _builder_version=&#8221;4.14.6&#8243; _module_preset=&#8221;default&#8221; use_background_color_gradient=&#8221;on&#8221; background_color_gradient_start=&#8221;rgba(255,255,255,0.73)&#8221; background_color_gradient_end=&#8221;rgba(255,255,255,0.93)&#8221; custom_margin=&#8221;||||false|false&#8221; custom_padding=&#8221;5%|10%|1%|5%|false|false&#8221; global_colors_info=&#8221;{}&#8221;]<h1 style=\"font-size: 50px; text-align: left;\">R\u00f3lunk<\/h1>\n<blockquote class=\"wp-block-quote\">\n<p>Az onlineistentisztelet.hu a Zugl\u00f3i Adventista Gy\u00fclekezet \u00e1ltal \u00fczemeltetett oldal, ahol lelki \u00fczenettel seg\u00edtj\u00fck azokat, akik nem tudnak szem\u00e9lyesen eljutni gy\u00fclekezetbe, illetve keresik a hely\u00fcket, vagy Istent.<\/p>\n<\/blockquote>\n<p><!-- \/wp:paragraph --><\/p>[\/et_pb_text][\/et_pb_column][\/et_pb_row][\/et_pb_section][et_pb_section fb_built=&#8221;1&#8243; admin_label=&#8221;section&#8221; _builder_version=&#8221;3.22&#8243; custom_padding=&#8221;||8px|||&#8221; global_colors_info=&#8221;{}&#8221;][et_pb_row admin_label=&#8221;row&#8221; _builder_version=&#8221;3.25&#8243; background_size=&#8221;initial&#8221; background_position=&#8221;top_left&#8221; background_repeat=&#8221;repeat&#8221; global_colors_info=&#8221;{}&#8221;][et_pb_column type=&#8221;4_4&#8243; _builder_version=&#8221;3.25&#8243; custom_padding=&#8221;|||&#8221; global_colors_info=&#8221;{}&#8221; custom_padding__hover=&#8221;|||&#8221;][et_pb_text admin_label=&#8221;Text&#8221; _builder_version=&#8221;4.14.6&#8243; background_size=&#8221;initial&#8221; background_position=&#8221;top_left&#8221; background_repeat=&#8221;repeat&#8221; global_colors_info=&#8221;{}&#8221;]<h1 style=\"text-align: center;\"><span style=\"font-weight: 400;\">Kik vagyunk<\/span><\/h1>\n<p><!-- \/wp:paragraph --><\/p>\n<p><!-- wp:quote --><\/p>\n<p><!-- \/wp:quote --><\/p>\n<p><span style=\"font-weight: 400;\">A Zugl\u00f3i Adventista Gy\u00fclekezet nem csup\u00e1n egy \u00e9p\u00fclet a Ker\u00e9kgy\u00e1rt\u00f3 utca 28. alatt, hanem egy \u00e9l\u0151 k\u00f6z\u00f6ss\u00e9g. Gy\u00fclekezet\u00fcnk nagyr\u00e9szt fiatal feln\u0151ttekb\u0151l, csal\u00e1dokb\u00f3l \u00e9s sok-sok gyermekb\u0151l \u00e9p\u00fcl fel, \u00edgy alkotunk egy nagy csal\u00e1dot, ahol megtal\u00e1lja a hely\u00e9t kicsi \u00e9s nagy, gyermek \u00e9s id\u0151s. \u00d6sszek\u00f6t minket a k\u00f6z\u00f6s hit, egy\u00fctt keress\u00fck Isten jelenl\u00e9t\u00e9t h\u00e9tr\u0151l h\u00e9tre, emellett igyeksz\u00fcnk tov\u00e1bbadni m\u00e1soknak azt a szeretetet, amit T\u0151le kaptunk.<\/span><\/p>\n<p><!-- \/wp:paragraph --><\/p>[\/et_pb_text][\/et_pb_column][\/et_pb_row][et_pb_row admin_label=&#8221;row&#8221; _builder_version=&#8221;3.25&#8243; background_size=&#8221;initial&#8221; background_position=&#8221;top_left&#8221; background_repeat=&#8221;repeat&#8221; global_colors_info=&#8221;{}&#8221;][et_pb_column type=&#8221;4_4&#8243; _builder_version=&#8221;3.25&#8243; custom_padding=&#8221;|||&#8221; global_colors_info=&#8221;{}&#8221; custom_padding__hover=&#8221;|||&#8221;][et_pb_tabs _builder_version=&#8221;4.14.6&#8243; _module_preset=&#8221;default&#8221; global_colors_info=&#8221;{}&#8221;][et_pb_tab title=&#8221;Csal\u00e1d&#8221; _builder_version=&#8221;4.14.6&#8243; _module_preset=&#8221;default&#8221; global_colors_info=&#8221;{}&#8221;]<p><span style=\"font-weight: 400;\">Mindannyian v\u00e1gyunk tartozni valahova, ahol elfogadnak \u00e9s t\u00e1mogatnak. \u00d3ri\u00e1si \u00e9rt\u00e9knek tartjuk, hogy egy olyan k\u00f6z\u00f6ss\u00e9get alkothatunk, ahol mindenki megtal\u00e1lja a hely\u00e9t.\u00a0<\/span><\/p>\n<p><span style=\"font-weight: 400;\">Csal\u00e1dcentrikus gy\u00fclekezetk\u00e9nt fontosnak tartjuk a k\u00f6vetkez\u0151 gener\u00e1ci\u00f3 t\u00e1mogat\u00e1s\u00e1t \u00e9s lelki tan\u00edt\u00e1s\u00e1t, ez\u00e9rt a gyermekek sz\u00e1m\u00e1ra minden szombaton izgalmas t\u00f6rt\u00e9nettel \u00e9s kreat\u00edv foglalkoz\u00e1ssal k\u00e9sz\u00fcl\u00fcnk, emellett pedig rendszeresen szervez\u00fcnk nekik j\u00e1tsz\u00f3h\u00e1zat, ahol egy\u00fctt alkothatnak.\u00a0<\/span><\/p>\n<p><span style=\"font-weight: 400;\">Fiatal egyetemist\u00e1ink rendszeresen tartanak t\u00e1rsas esteket, kir\u00e1ndul\u00e1sokat \u00e9s besz\u00e9lget\u00e9seket.\u00a0<\/span><\/p>\n<p><span style=\"font-weight: 400;\">A h\u00e1zasp\u00e1rok sz\u00e1m\u00e1ra pedig minden \u00e9vben k\u00e9sz\u00fcl\u00fcnk olyan alkalmakkal, ahol egy szakk\u00e9pzett szem\u00e9ly seg\u00edts\u00e9g\u00e9vel er\u0151s\u00f6dhet a k\u00f6z\u00f6tt\u00fck l\u00e9v\u0151 k\u00f6tel\u00e9k. Ezen fel\u00fcl minden \u00e9vben sort ker\u00edt\u00fcnk olyan kir\u00e1ndul\u00e1sokra, ahol egy\u00fctt, egy nagy csal\u00e1dk\u00e9nt \u00e9lvezhetj\u00fck a k\u00f6z\u00f6s j\u00e1t\u00e9kot \u00e9s a term\u00e9szetet.<\/span><\/p>[\/et_pb_tab][et_pb_tab title=&#8221;Testi \u00e9s lelki eg\u00e9szs\u00e9g&#8221; _builder_version=&#8221;4.14.6&#8243; _module_preset=&#8221;default&#8221; global_colors_info=&#8221;{}&#8221;]<p><span style=\"font-weight: 400;\">A lelki eg\u00e9szs\u00e9g\u00fcnk \u00e1pol\u00e1sa \u00e9rdek\u00e9ben minden szombaton k\u00f6z\u00f6sen keress\u00fck a gy\u00f3gyul\u00e1st Istenn\u00e9l, illetve rendszeresen szervez\u00fcnk el\u0151ad\u00e1sokat, besz\u00e9lget\u00e9seket, ima alkalmakat. A k\u00f6z\u00f6s \u00e9nekl\u00e9s \u00e1ltal kifejezz\u00fck Isten fel\u00e9 az im\u00e1datunkat, emellett pedig felt\u00f6lt\u0151d\u00fcnk a k\u00f3ruspr\u00f3b\u00e1kon. A h\u00e1la is szerves r\u00e9sze az eg\u00e9szs\u00e9g\u00fcnknek, \u00edgy gyakran tartunk \u00fcnnepi alkalmakat, amikor egy\u00fctt \u00f6r\u00fcl\u00fcnk egy kereszts\u00e9gnek vagy egy gyermek sz\u00fclet\u00e9s\u00e9nek. A testi eg\u00e9szs\u00e9g \u00e9rt\u00e9k\u00e9t felismerve szeretn\u00e9nk m\u00e1sok sz\u00e1m\u00e1ra p\u00e9ld\u00e1t adni abban, hogy az \u00e9letm\u00f3dunk v\u00e1laszt\u00e1s k\u00e9rd\u00e9se. \u00cdgy rendszeresen r\u00e9szt vesz\u00fcnk a Zugl\u00f3i J\u00f3t\u00e9konys\u00e1gi Gasztrofesztiv\u00e1lon, \u00e9s Eg\u00e9szs\u00e9gmeg\u0151rz\u0151 Expoval a Zugl\u00f3i Civilek Utc\u00e1j\u00e1n.<\/span><\/p>[\/et_pb_tab][et_pb_tab title=&#8221;Szolg\u00e1lat&#8221; _builder_version=&#8221;4.14.6&#8243; _module_preset=&#8221;default&#8221; global_colors_info=&#8221;{}&#8221;]<p><span style=\"font-weight: 400;\">K\u00fcldet\u00e9s\u00fcnknek tekintj\u00fck, hogy tov\u00e1bbadjuk m\u00e1sok sz\u00e1m\u00e1ra az ismeretet \u00e9s szeretetet, amit Istent\u0151l kaptunk, ennek f\u00e9ny\u00e9ben hoztuk l\u00e9tre az OnlineIstentisztelet csatorn\u00e1t is. Ha lelki \u00fczenetre v\u00e1gysz, amely \u00e1ltal k\u00f6zelebb ker\u00fclhetsz Istenhez, esetleg elbizonytalanodt\u00e1l \u00e9s k\u00e9rd\u00e9seid vannak, amelyekre v\u00e1laszokat keresel, b\u00f6ng\u00e9ssz a kor\u00e1bbi felv\u00e9teleink k\u00f6z\u00f6tt! Rem\u00e9lj\u00fck, megtal\u00e1lod a Neked sz\u00f3l\u00f3 \u00fczenetet!<\/span><\/p>[\/et_pb_tab][\/et_pb_tabs][\/et_pb_column][\/et_pb_row][et_pb_row admin_label=&#8221;row&#8221; _builder_version=&#8221;3.25&#8243; background_size=&#8221;initial&#8221; background_position=&#8221;top_left&#8221; background_repeat=&#8221;repeat&#8221; custom_padding=&#8221;||10px|||&#8221; global_colors_info=&#8221;{}&#8221;][et_pb_column type=&#8221;4_4&#8243; _builder_version=&#8221;3.25&#8243; custom_padding=&#8221;|||&#8221; global_colors_info=&#8221;{}&#8221; custom_padding__hover=&#8221;|||&#8221;][et_pb_text admin_label=&#8221;Text&#8221; _builder_version=&#8221;4.14.6&#8243; background_size=&#8221;initial&#8221; background_position=&#8221;top_left&#8221; background_repeat=&#8221;repeat&#8221; custom_margin=&#8221;||38px|||&#8221; global_colors_info=&#8221;{}&#8221;]<blockquote class=\"wp-block-quote\">\n<p><span style=\"font-weight: 400;\">A programjaink mindenki sz\u00e1m\u00e1ra nyitottak, \u00edgy ha felkeltett\u00fck az \u00e9rdekl\u0151d\u00e9sed, esetleg szem\u00e9lyes besz\u00e9lget\u00e9sekre is v\u00e1gysz, n\u00e9zz be hozz\u00e1nk! A gy\u00fclekezet kapui mindig nyitva \u00e1llnak!<\/span><\/p>\n<\/blockquote>\n<p><!-- \/wp:paragraph --><\/p>[\/et_pb_text][\/et_pb_column][\/et_pb_row][\/et_pb_section][et_pb_section fb_built=&#8221;1&#8243; _builder_version=&#8221;4.14.6&#8243; _module_preset=&#8221;default&#8221; background_color=&#8221;#d3d3d3&#8243; custom_padding=&#8221;||9px|||&#8221; global_colors_info=&#8221;{}&#8221;][et_pb_row _builder_version=&#8221;4.14.6&#8243; _module_preset=&#8221;default&#8221; custom_margin=&#8221;|auto|-6px|auto||&#8221; global_colors_info=&#8221;{}&#8221;][et_pb_column type=&#8221;4_4&#8243; _builder_version=&#8221;4.14.6&#8243; _module_preset=&#8221;default&#8221; global_colors_info=&#8221;{}&#8221;][et_pb_gallery gallery_ids=&#8221;147,152,151,148,149,150,294,292,154,293&#8243; show_title_and_caption=&#8221;off&#8221; _builder_version=&#8221;4.14.6&#8243; _module_preset=&#8221;default&#8221; background_enable_color=&#8221;off&#8221; global_colors_info=&#8221;{}&#8221;][\/et_pb_gallery][\/et_pb_column][\/et_pb_row][\/et_pb_section][et_pb_section fb_built=&#8221;1&#8243; admin_label=&#8221;section&#8221; _builder_version=&#8221;3.22&#8243; custom_margin=&#8221;8px|||||&#8221; custom_padding=&#8221;10px||8px|||&#8221; global_colors_info=&#8221;{}&#8221;][et_pb_row column_structure=&#8221;1_3,2_3&#8243; _builder_version=&#8221;4.14.6&#8243; _module_preset=&#8221;default&#8221; global_colors_info=&#8221;{}&#8221;][et_pb_column type=&#8221;1_3&#8243; _builder_version=&#8221;4.14.6&#8243; _module_preset=&#8221;default&#8221; global_colors_info=&#8221;{}&#8221;][et_pb_image src=&#8221;https:\/\/onlineistentisztelet.hu\/test\/wp-content\/uploads\/2022\/02\/portre-OFE.jpg&#8221; alt=&#8221;\u0150sz-Farkas Ern\u0151 lelk\u00e9sz&#8221; title_text=&#8221;\u0150sz-Farkas Ern\u0151 lelk\u00e9sz&#8221; _builder_version=&#8221;4.14.6&#8243; _module_preset=&#8221;default&#8221; global_colors_info=&#8221;{}&#8221;][\/et_pb_image][et_pb_text _builder_version=&#8221;4.14.6&#8243; _module_preset=&#8221;default&#8221; global_colors_info=&#8221;{}&#8221;]<h3>dr. \u0150sz-Farkas Ern\u0151<\/h3>[\/et_pb_text][\/et_pb_column][et_pb_column type=&#8221;2_3&#8243; _builder_version=&#8221;4.14.6&#8243; _module_preset=&#8221;default&#8221; global_colors_info=&#8221;{}&#8221;][et_pb_text _builder_version=&#8221;4.14.6&#8243; _module_preset=&#8221;default&#8221; global_colors_info=&#8221;{}&#8221;]<p><span style=\"font-weight: 400;\"><span>Zugl\u00f3i Gy\u00fclekezet lelk\u00e9sze<\/span><\/span><\/p>\n<h2><span style=\"font-weight: 400;\">Mi\u00e9rt szeretem a Zugl\u00f3i Gy\u00fclekezetet?\u00a0<\/span><\/h2>\n<p>&nbsp;<\/p>\n<p><span style=\"font-weight: 400;\">Tam\u00e1si \u00c1ron szerint az\u00e9rt vagyunk a vil\u00e1gon, hogy valahol otthon legy\u00fcnk benne. Sz\u00e1momra ez a gy\u00fclekezet a nagy csal\u00e1d, ahol nemcsak a hivat\u00e1somat gyakorlom, hanem otthon vagyok benne.\u00a0<\/span><\/p>\n<p><span style=\"font-weight: 400;\">Otthon vagyok, a csal\u00e1dommal egy\u00fctt, mert itt sem t\u00f6k\u00e9letes minden, m\u00e9gis j\u00f3 ide tartozni.\u00a0<\/span><\/p>\n<p><span style=\"font-weight: 400;\">Lelk\u00e9szi hitvall\u00e1som, hogy egy kereszt\u00e9ny gy\u00fclekezet legyen konzervat\u00edv az \u00e9rt\u00e9krendj\u00e9ben \u00e9s mai, \u00e9rthet\u0151 a megjelen\u00e9s\u00e9ben. Ha valaki bel\u00e9p ide, hamar l\u00e1tni fogja mindk\u00e9t t\u00f6rekv\u00e9st. Amikor ig\u00e9t hirdetek, igyekszem a Bibli\u00e1t \u00e9rthet\u0151v\u00e9, a mai ember sz\u00e1m\u00e1ra relev\u00e1nss\u00e1 tenni.\u00a0<\/span><\/p>\n<p><span style=\"font-weight: 400;\">Szeretem a gy\u00fclekezetet, mert a gy\u00fclekezet szereti a gyerekeket. Ugyanakkor az id\u0151sebbek \u00e9s a fiatal feln\u0151ttek is sz\u00f3t kapnak. Szeretem a soksz\u00edn\u0171s\u00e9get, a ny\u00fczsg\u00e9st, a v\u00e1ltozatoss\u00e1got. Ez a gy\u00fclekezet err\u0151l sz\u00f3l, mert \u00e9l.\u00a0<\/span><\/p>\n<p><span style=\"font-weight: 400;\">Szeretem a gy\u00fclekezetet, mert nyitott. Nem z\u00e1rtk\u00f6r\u0171 klub, hanem befogad\u00f3. Programjai megsz\u00f3l\u00edtj\u00e1k a keres\u0151ket, alternat\u00edv\u00e1t biztos\u00edt azoknak, akik szeretik a Bibli\u00e1t, de nem tal\u00e1lj\u00e1k a hely\u00fcket egy hagyom\u00e1ny\u0151rz\u0151 gy\u00fclekezetben.\u00a0<\/span><\/p>\n<p><span style=\"font-weight: 400;\">Szeretem a gy\u00fclekezetet, mert nem kell egy-szem\u00e9lyben vezetni. A teamben sok tehets\u00e9ges ember van, akikkel megoszthatom a felel\u0151ss\u00e9get. Akinek megold\u00e1st jelent egy meg\u00e9rt\u0151 k\u00f6z\u00f6ss\u00e9g, aki a gyermeke sz\u00e1m\u00e1ra Bibli\u00e1b\u00f3l tanul\u00f3 kort\u00e1rsakat keres, akinek im\u00e1ra, l\u00e1togat\u00e1sra, lelkigondoz\u00e1sra, szem\u00e9lyes vagy online Biblia-tanulm\u00e1nyoz\u00e1sra, vagy biblikus igehirdet\u00e9sekre van sz\u00fcks\u00e9ge, j\u00f3 helyen j\u00e1r.\u00a0<\/span><\/p>\n<p><span style=\"font-weight: 400;\">Szeretettel v\u00e1runk a Zugl\u00f3i Gy\u00fclekezetben!<\/span><\/p>[\/et_pb_text][\/et_pb_column][\/et_pb_row][\/et_pb_section][et_pb_section fb_built=&#8221;1&#8243; admin_label=&#8221;section&#8221; _builder_version=&#8221;3.22&#8243; custom_padding=&#8221;||8px|||&#8221; global_colors_info=&#8221;{}&#8221;][et_pb_row column_structure=&#8221;1_3,1_3,1_3&#8243; _builder_version=&#8221;4.14.6&#8243; _module_preset=&#8221;default&#8221; global_module=&#8221;233&#8243; global_colors_info=&#8221;{}&#8221;][et_pb_column type=&#8221;1_3&#8243; _builder_version=&#8221;4.14.6&#8243; _module_preset=&#8221;default&#8221; global_colors_info=&#8221;{}&#8221;][et_pb_testimonial author=&#8221;Betti&#8221; portrait_url=&#8221;https:\/\/onlineistentisztelet.hu\/test\/wp-content\/uploads\/2022\/02\/Betti.jpeg&#8221; _builder_version=&#8221;4.14.6&#8243; _module_preset=&#8221;default&#8221; global_colors_info=&#8221;{}&#8221;]<p><span style=\"font-weight: 400;\">Amellett, hogy a sz\u00f3sz\u00e9kr\u0151l elhangz\u00f3 \u00fczenet a ma ember\u00e9nek sz\u00f3l, k\u00fcl\u00f6n pozit\u00edvum sz\u00e1momra a gy\u00fclekezet\u00fcnk mosolyg\u00f3s, \u00e9lettel teli kisug\u00e1rz\u00e1sa. Kor\u00e1bban m\u00e9g nem j\u00e1rtam ilyen t\u00e1mogat\u00f3, j\u00f3l szervezett, &#8220;friss&#8221; \u00e9s kreat\u00edv gy\u00fclekezetben.<\/span><\/p>[\/et_pb_testimonial][\/et_pb_column][et_pb_column type=&#8221;1_3&#8243; _builder_version=&#8221;4.14.6&#8243; _module_preset=&#8221;default&#8221; global_colors_info=&#8221;{}&#8221;][et_pb_testimonial author=&#8221;M\u00e1rk&#8221; job_title=&#8221;\u00e9nekes-zongorista&#8221; portrait_url=&#8221;https:\/\/onlineistentisztelet.hu\/test\/wp-content\/uploads\/2022\/03\/Mark.jpg&#8221; _builder_version=&#8221;4.14.6&#8243; _module_preset=&#8221;default&#8221; global_colors_info=&#8221;{}&#8221;]<p><span style=\"font-weight: 400;\">Szeretem a gy\u00fclekezetet, mert j\u00f3 k\u00f6z\u00f6ss\u00e9gben lenni a bar\u00e1tainkkal \u00e9s egy\u00fctt \u00e9nekelni, dics\u00e9rni az Urat, mindig j\u00f3 hangulatban \u00e9s \u00f6r\u00f6mmel k\u00e9sz\u00fcl\u00fcnk ezekre az alkalmakra. Szeretem, hogy t\u00f6bb koroszt\u00e1lyb\u00f3l \u00e1ll a k\u00f6z\u00f6ss\u00e9g, \u00edgy k\u00fcl\u00f6nb\u00f6z\u0151 \u00e9lethelyzetekben l\u00e9v\u0151kkel tudom megbesz\u00e9lni az \u00e9let kih\u00edv\u00e1sait, akikt\u0151l sok \u00e9p\u00edt\u0151 javaslatot kapok.<\/span><\/p>[\/et_pb_testimonial][\/et_pb_column][et_pb_column type=&#8221;1_3&#8243; _builder_version=&#8221;4.14.6&#8243; _module_preset=&#8221;default&#8221; global_colors_info=&#8221;{}&#8221;][et_pb_testimonial author=&#8221;Laura&#8221; portrait_url=&#8221;https:\/\/onlineistentisztelet.hu\/test\/wp-content\/uploads\/2022\/02\/kep_2022-02-23_155855.png&#8221; _builder_version=&#8221;4.14.6&#8243; _module_preset=&#8221;default&#8221; global_colors_info=&#8221;{}&#8221;]<p><span style=\"font-weight: 400;\">Sz\u00e1momra a zugl\u00f3i k\u00f6z\u00f6ss\u00e9g egyszerre jelenti a bar\u00e1ti t\u00e1rsas\u00e1got \u00e9s ny\u00fajt egy csal\u00e1di l\u00e9gk\u00f6rt. H\u00e1l\u00e1s vagyok az\u00e9rt, hogy ebbe a k\u00f6z\u00f6ss\u00e9gbe tartozhatok, \u00e9s egy\u00fctt kapcsol\u00f3dhatunk a J\u00f3istenhez.<\/span><\/p>[\/et_pb_testimonial][\/et_pb_column][\/et_pb_row][\/et_pb_section][et_pb_section fb_built=&#8221;1&#8243; specialty=&#8221;on&#8221; _builder_version=&#8221;4.14.6&#8243; _module_preset=&#8221;default&#8221; background_color=&#8221;rgba(0,58,58,0.6)&#8221; custom_padding=&#8221;0%||0%||false|false&#8221; global_colors_info=&#8221;{}&#8221;][et_pb_column type=&#8221;1_2&#8243; specialty_columns=&#8221;2&#8243; _builder_version=&#8221;3.25&#8243; custom_padding=&#8221;|||&#8221; global_colors_info=&#8221;{}&#8221; custom_padding__hover=&#8221;|||&#8221;][et_pb_row_inner _builder_version=&#8221;4.14.6&#8243; _module_preset=&#8221;default&#8221; global_colors_info=&#8221;{}&#8221;][et_pb_column_inner saved_specialty_column_type=&#8221;1_2&#8243; _builder_version=&#8221;4.14.6&#8243; _module_preset=&#8221;default&#8221; global_colors_info=&#8221;{}&#8221;][et_pb_text _builder_version=&#8221;4.14.6&#8243; _module_preset=&#8221;default&#8221; custom_padding=&#8221;1.6%||||false|false&#8221; global_colors_info=&#8221;{}&#8221;]<h3 style=\"text-align: right; color: white;\">kapcsolatok.<\/h3>\n<h3 style=\"text-align: right; color: white;\">n\u00f6veked\u00e9s.<\/h3>\n<h3 style=\"text-align: right; color: white;\">\u00f6r\u00f6m.<\/h3>\n<h3 style=\"text-align: right; color: white;\">lelki utaz\u00e1s.<\/h3>\n<h3 style=\"text-align: right; color: white;\">szeretet.<\/h3>[\/et_pb_text][et_pb_button button_url=&#8221;https:\/\/adventista.hu\/kik-az-adventistak\/&#8221; url_new_window=&#8221;on&#8221; button_text=&#8221;Kik az adventist\u00e1k?&#8221; button_alignment=&#8221;right&#8221; _builder_version=&#8221;4.14.6&#8243; _module_preset=&#8221;default&#8221; custom_button=&#8221;on&#8221; button_text_size=&#8221;21px&#8221; button_text_color=&#8221;#FFFFFF&#8221; button_bg_color=&#8221;#5A0C1C&#8221; button_border_radius=&#8221;7px&#8221; button_letter_spacing=&#8221;0px&#8221; button_font=&#8221;||||||||&#8221; button_use_icon=&#8221;off&#8221; global_colors_info=&#8221;{}&#8221;][\/et_pb_button][\/et_pb_column_inner][\/et_pb_row_inner][\/et_pb_column][et_pb_column type=&#8221;1_2&#8243; _builder_version=&#8221;3.25&#8243; custom_padding=&#8221;|||&#8221; global_colors_info=&#8221;{}&#8221; custom_padding__hover=&#8221;|||&#8221;][et_pb_video src=&#8221;https:\/\/www.youtube.com\/watch?v=9OyTxsmGgj4&#8243; _builder_version=&#8221;4.14.6&#8243; _module_preset=&#8221;default&#8221; global_colors_info=&#8221;{}&#8221;][\/et_pb_video][\/et_pb_column][\/et_pb_section][et_pb_section fb_built=&#8221;1&#8243; disabled_on=&#8221;off|off|off&#8221; admin_label=&#8221;About&#8221; _builder_version=&#8221;4.14.6&#8243; custom_padding=&#8221;40px||8px|||&#8221; global_colors_info=&#8221;{}&#8221;][et_pb_row disabled_on=&#8221;off|off|off&#8221; _builder_version=&#8221;4.14.6&#8243; custom_margin=&#8221;|||&#8221; custom_padding=&#8221;|||&#8221; global_colors_info=&#8221;{}&#8221;][et_pb_column type=&#8221;4_4&#8243; _builder_version=&#8221;3.25&#8243; custom_padding=&#8221;|||&#8221; global_colors_info=&#8221;{}&#8221; custom_padding__hover=&#8221;|||&#8221;][et_pb_text disabled_on=&#8221;on|on|on&#8221; admin_label=&#8221;Subtitle&#8221; _builder_version=&#8221;4.14.6&#8243; text_font=&#8221;Montserrat|500||on|||||&#8221; text_text_color=&#8221;rgba(0,0,0,0.25)&#8221; header_font=&#8221;||||||||&#8221; text_orientation=&#8221;center&#8221; animation_style=&#8221;fade&#8221; disabled=&#8221;on&#8221; global_colors_info=&#8221;{}&#8221;]<p>P\u00e1r apr\u00f3s\u00e1g<\/p>[\/et_pb_text][et_pb_text admin_label=&#8221;Title&#8221; _builder_version=&#8221;4.14.6&#8243; text_font=&#8221;Montserrat|300|||||||&#8221; header_font=&#8221;||||||||&#8221; header_2_font=&#8221;Montserrat|500|||||||&#8221; header_2_text_align=&#8221;center&#8221; header_2_font_size=&#8221;30px&#8221; header_2_line_height=&#8221;1.4em&#8221; text_orientation=&#8221;center&#8221; max_width=&#8221;700px&#8221; module_alignment=&#8221;center&#8221; animation_direction=&#8221;right&#8221; global_colors_info=&#8221;{}&#8221;]<h2><span style=\"font-weight: 400;\">A zugl\u00f3i gy\u00fclekezet egy nagy csal\u00e1d r\u00e9sze.<\/span><\/h2>\n<p><span style=\"font-weight: 400;\">A Hetednapi Adventista Egyh\u00e1z egy vil\u00e1gsz\u00e9lesen szervezett k\u00f6z\u00f6ss\u00e9g.<\/span><\/p>[\/et_pb_text][\/et_pb_column][\/et_pb_row][et_pb_row column_structure=&#8221;1_3,1_3,1_3&#8243; _builder_version=&#8221;3.25&#8243; custom_padding=&#8221;60px|0px|14px|0px||&#8221; global_colors_info=&#8221;{}&#8221;][et_pb_column type=&#8221;1_3&#8243; _builder_version=&#8221;3.25&#8243; custom_padding=&#8221;|||&#8221; global_colors_info=&#8221;{}&#8221; custom_padding__hover=&#8221;|||&#8221;][et_pb_blurb title=&#8221;212&#8243; _builder_version=&#8221;4.14.6&#8243; header_font=&#8221;Montserrat|500|||||||&#8221; header_text_color=&#8221;#4866ff&#8221; header_font_size=&#8221;61px&#8221; body_font=&#8221;Montserrat||||||||&#8221; text_orientation=&#8221;center&#8221; global_colors_info=&#8221;{}&#8221;]<p>orsz\u00e1gban<\/p>[\/et_pb_blurb][\/et_pb_column][et_pb_column type=&#8221;1_3&#8243; _builder_version=&#8221;3.25&#8243; custom_padding=&#8221;|||&#8221; global_colors_info=&#8221;{}&#8221; custom_padding__hover=&#8221;|||&#8221;][et_pb_blurb title=&#8221;1&#8243; _builder_version=&#8221;4.14.6&#8243; header_font=&#8221;Montserrat|500|||||||&#8221; header_text_color=&#8221;#4866ff&#8221; header_font_size=&#8221;61px&#8221; body_font=&#8221;Montserrat||||||||&#8221; text_orientation=&#8221;center&#8221; locked=&#8221;off&#8221; global_colors_info=&#8221;{}&#8221;]<p>Isten<\/p>[\/et_pb_blurb][\/et_pb_column][et_pb_column type=&#8221;1_3&#8243; _builder_version=&#8221;3.25&#8243; custom_padding=&#8221;|||&#8221; global_colors_info=&#8221;{}&#8221; custom_padding__hover=&#8221;|||&#8221;][et_pb_blurb title=&#8221;924&#8243; _builder_version=&#8221;4.14.6&#8243; header_font=&#8221;Montserrat|500|||||||&#8221; header_text_color=&#8221;#4866ff&#8221; header_font_size=&#8221;61px&#8221; body_font=&#8221;Montserrat||||||||&#8221; text_orientation=&#8221;center&#8221; locked=&#8221;off&#8221; global_colors_info=&#8221;{}&#8221;]<p>nyelven sz\u00f3l az Istentisztelet<\/p>[\/et_pb_blurb][\/et_pb_column][\/et_pb_row][et_pb_row column_structure=&#8221;1_2,1_2&#8243; _builder_version=&#8221;3.25&#8243; custom_padding=&#8221;19px|0px|60px|0px||&#8221; global_colors_info=&#8221;{}&#8221;][et_pb_column type=&#8221;1_2&#8243; _builder_version=&#8221;3.25&#8243; custom_padding=&#8221;|||&#8221; global_colors_info=&#8221;{}&#8221; custom_padding__hover=&#8221;|||&#8221;][et_pb_blurb title=&#8221;22&#8243; _builder_version=&#8221;4.14.6&#8243; header_font=&#8221;Montserrat|500|||||||&#8221; header_text_color=&#8221;#4866ff&#8221; header_font_size=&#8221;61px&#8221; body_font=&#8221;Montserrat||||||||&#8221; text_orientation=&#8221;center&#8221; locked=&#8221;off&#8221; global_colors_info=&#8221;{}&#8221;]<p>milli\u00f3 tag<\/p>[\/et_pb_blurb][\/et_pb_column][et_pb_column type=&#8221;1_2&#8243; _builder_version=&#8221;3.25&#8243; custom_padding=&#8221;|||&#8221; global_colors_info=&#8221;{}&#8221; custom_padding__hover=&#8221;|||&#8221;][et_pb_blurb title=&#8221;140 000&#8243; _builder_version=&#8221;4.14.6&#8243; header_font=&#8221;Montserrat|500|||||||&#8221; header_text_color=&#8221;#4866ff&#8221; header_font_size=&#8221;61px&#8221; body_font=&#8221;Montserrat||||||||&#8221; text_orientation=&#8221;center&#8221; locked=&#8221;off&#8221; global_colors_info=&#8221;{}&#8221;]<p>gy\u00fclekezet<\/p>[\/et_pb_blurb][\/et_pb_column][\/et_pb_row][\/et_pb_section][et_pb_section fb_built=&#8221;1&#8243; _builder_version=&#8221;4.14.6&#8243; _module_preset=&#8221;default&#8221; background_enable_color=&#8221;off&#8221; use_background_color_gradient=&#8221;on&#8221; background_color_gradient_start=&#8221;#ed4f2f&#8221; background_color_gradient_end=&#8221;#071642&#8243; background_color_gradient_direction=&#8221;291deg&#8221; global_module=&#8221;211&#8243; saved_tabs=&#8221;all&#8221; global_colors_info=&#8221;{}&#8221;][et_pb_row _builder_version=&#8221;4.14.6&#8243; _module_preset=&#8221;default&#8221; global_colors_info=&#8221;{}&#8221;][et_pb_column type=&#8221;4_4&#8243; _builder_version=&#8221;4.14.6&#8243; _module_preset=&#8221;default&#8221; global_colors_info=&#8221;{}&#8221;][et_pb_text _builder_version=&#8221;4.14.6&#8243; _module_preset=&#8221;default&#8221; custom_margin=&#8221;||14px|||&#8221; global_colors_info=&#8221;{}&#8221;]<h3 style=\"text-align: center;color:white;\">T\u00e1mogathatod szolg\u00e1latunkat<\/h3>[\/et_pb_text][et_pb_divider color=&#8221;#E09900&#8243; divider_weight=&#8221;3px&#8221; _builder_version=&#8221;4.14.6&#8243; _module_preset=&#8221;default&#8221; width=&#8221;18%&#8221; module_alignment=&#8221;center&#8221; global_colors_info=&#8221;{}&#8221;][\/et_pb_divider][\/et_pb_column][\/et_pb_row][et_pb_row column_structure=&#8221;1_3,1_3,1_3&#8243; _builder_version=&#8221;4.14.6&#8243; _module_preset=&#8221;default&#8221; global_colors_info=&#8221;{}&#8221;][et_pb_column type=&#8221;1_3&#8243; _builder_version=&#8221;4.14.6&#8243; _module_preset=&#8221;default&#8221; global_colors_info=&#8221;{}&#8221;][et_pb_text _builder_version=&#8221;4.14.6&#8243; _module_preset=&#8221;default&#8221; custom_css_main_element=&#8221;color:white;&#8221; global_colors_info=&#8221;{}&#8221;]<p><span><span style=\"font-weight: 400;\">Gy\u00fclekezet\u00fcnk a k\u00f6zvet\u00edt\u00e9s \u00e9s m\u00e1s szolg\u00e1lati ter\u00fcletek kiad\u00e1sait kiz\u00e1r\u00f3lag saj\u00e1t forr\u00e1saib\u00f3l, azaz a tagok adom\u00e1nyaib\u00f3l fedezi.\u00a0 <\/span>Neked is van lehet\u0151s\u00e9ged <strong>tized<\/strong>del, <strong>h\u00e1laadom\u00e1n<\/strong>n<strong>y<\/strong>al t\u00e1mogatni a szolg\u00e1latunkat.<\/span><\/p>[\/et_pb_text][\/et_pb_column][et_pb_column type=&#8221;1_3&#8243; _builder_version=&#8221;4.14.6&#8243; _module_preset=&#8221;default&#8221; global_colors_info=&#8221;{}&#8221;][et_pb_text _builder_version=&#8221;4.14.6&#8243; _module_preset=&#8221;default&#8221; custom_css_main_element=&#8221;color:white;&#8221; global_colors_info=&#8221;{}&#8221;]<p><span>Sz\u00e1mlasz\u00e1munk:<br \/><strong>10401048-50495750-53561009<\/strong> (K&amp;H Bank)<\/span><\/p>\n<p><span>Utal\u00e1s e-mail c\u00edmre: <strong><a href=\"mailto:zuglo@adventista.hu;\">zuglo@adventista.hu<\/a><\/strong><\/span><\/p>[\/et_pb_text][\/et_pb_column][et_pb_column type=&#8221;1_3&#8243; _builder_version=&#8221;4.14.6&#8243; _module_preset=&#8221;default&#8221; global_colors_info=&#8221;{}&#8221;][et_pb_text _builder_version=&#8221;4.14.6&#8243; _module_preset=&#8221;default&#8221; custom_css_main_element=&#8221;color:white;&#8221; global_colors_info=&#8221;{}&#8221;]<span>K\u00e9r\u00fcnk a <span style=\"text-decoration: underline;\">k\u00f6zlem\u00e9ny mez\u0151ben<\/span> t\u00fcntesd fel milyen c\u00e9lra adakozol: <strong>Tized\/Gy\u00fclekezet\/Misszi\u00f3<\/strong><\/span>[\/et_pb_text][\/et_pb_column][\/et_pb_row][\/et_pb_section][et_pb_section fb_built=&#8221;1&#8243; _builder_version=&#8221;4.14.6&#8243; _module_preset=&#8221;default&#8221; background_image=&#8221;https:\/\/onlineistentisztelet.hu\/test\/wp-content\/uploads\/2022\/02\/daiga-ellaby-7edWO30e32k-unsplash_01.jpg&#8221; custom_padding=&#8221;11%||||false|false&#8221; global_colors_info=&#8221;{}&#8221;][et_pb_row _builder_version=&#8221;4.14.6&#8243; _module_preset=&#8221;default&#8221; global_colors_info=&#8221;{}&#8221;][et_pb_column type=&#8221;4_4&#8243; _builder_version=&#8221;4.14.6&#8243; _module_preset=&#8221;default&#8221; global_colors_info=&#8221;{}&#8221;][\/et_pb_column][\/et_pb_row][\/et_pb_section][et_pb_section fb_built=&#8221;1&#8243; _builder_version=&#8221;4.14.6&#8243; _module_preset=&#8221;default&#8221; background_color=&#8221;#59252f&#8221; custom_padding=&#8221;||18px|||&#8221; global_module=&#8221;198&#8243; saved_tabs=&#8221;all&#8221; global_colors_info=&#8221;{}&#8221;][et_pb_row column_structure=&#8221;2_3,1_3&#8243; _builder_version=&#8221;4.14.6&#8243; _module_preset=&#8221;default&#8221; global_colors_info=&#8221;{}&#8221;][et_pb_column type=&#8221;2_3&#8243; _builder_version=&#8221;4.14.6&#8243; _module_preset=&#8221;default&#8221; global_colors_info=&#8221;{}&#8221;][et_pb_text _builder_version=&#8221;4.14.6&#8243; _module_preset=&#8221;default&#8221; custom_css_main_element=&#8221;color:white;&#8221; global_colors_info=&#8221;{}&#8221;]<h4 style=\"color: white;\"><span>Rendszeresen l\u00e1togathat\u00f3 programjaink:<\/span><\/h4>\n<h6 style=\"color: white;\"><span><em>Minden alkalmunk nyitott, szeretettel v\u00e1runk szem\u00e9lyesen is!<\/em><br \/>\n<\/span><\/h6>\n<p><span><\/span><\/p>\n<p><span>K\u00f6z\u00f6s Bibliatanulm\u00e1nyoz\u00e1s <strong>szombat 10:00<\/strong><br \/>\nIstentisztelet <strong>szombat 11:00<\/strong><\/span><\/p>\n<p><span>Minden tov\u00e1bbi programot a <strong><a href=\"https:\/\/www.facebook.com\/adventista.zuglo\" target=\"_blank\" rel=\"noopener\" style=\"color: white;\"><span style=\"font-size: 28px;\">f<\/span>acebook<\/a><\/strong> oldalunkon tal\u00e1lsz!<\/span>[\/et_pb_text][\/et_pb_column][et_pb_column type=&#8221;1_3&#8243; _builder_version=&#8221;4.14.6&#8243; _module_preset=&#8221;default&#8221; global_colors_info=&#8221;{}&#8221;][et_pb_image src=&#8221;https:\/\/onlineistentisztelet.hu\/test\/wp-content\/uploads\/2022\/02\/onl_logo_white.png&#8221; title_text=&#8221;onl_logo_white&#8221; _builder_version=&#8221;4.14.6&#8243; _module_preset=&#8221;default&#8221; width=&#8221;72%&#8221; global_colors_info=&#8221;{}&#8221;][\/et_pb_image][\/et_pb_column][\/et_pb_row][\/et_pb_section]","protected":false},"excerpt":{"rendered":"<p>R\u00f3lunk Az onlineistentisztelet.hu a Zugl\u00f3i Adventista Gy\u00fclekezet \u00e1ltal \u00fczemeltetett oldal, ahol lelki \u00fczenettel seg\u00edtj\u00fck azokat, akik nem tudnak szem\u00e9lyesen eljutni gy\u00fclekezetbe, illetve keresik a hely\u00fcket, vagy Istent. Kik vagyunk A Zugl\u00f3i Adventista Gy\u00fclekezet nem csup\u00e1n egy \u00e9p\u00fclet a Ker\u00e9kgy\u00e1rt\u00f3 utca 28. alatt, hanem egy \u00e9l\u0151 k\u00f6z\u00f6ss\u00e9g. Gy\u00fclekezet\u00fcnk nagyr\u00e9szt fiatal feln\u0151ttekb\u0151l, csal\u00e1dokb\u00f3l \u00e9s sok-sok gyermekb\u0151l \u00e9p\u00fcl [&hellip;]<\/p>\n","protected":false},"author":1,"featured_media":0,"parent":0,"menu_order":0,"comment_status":"closed","ping_status":"open","template":"","meta":{"_et_pb_use_builder":"on","_et_pb_old_content":"<!-- wp:paragraph -->\n<p>Ez egy mintaoldal. Az oldal k\u00fcl\u00f6nb\u00f6zik a bejegyz\u00e9st\u0151l annyiban, hogy az oldal egy \u00e1lland\u00f3 tartalm\u00fa bejegyz\u00e9s, ami - a legt\u00f6bb sablonn\u00e1l - a weboldal navig\u00e1ci\u00f3s r\u00e9sz\u00e9ben \u00e1lland\u00f3 helyen van.\nA legt\u00f6bb ember olyan Bemutatkoz\u00f3 oldallal kezd, amelyik bemutatja \u0151t, vagy a tev\u00e9kenys\u00e9g\u00e9t a weboldal l\u00e1togat\u00f3inak. A Bemutatkoz\u00e1s oldal valami ilyesmi lehet:<\/p>\n<!-- \/wp:paragraph -->\n\n<!-- wp:quote -->\n<blockquote class=\"wp-block-quote\"><p>\u00dcdv\u00f6zlet az Olvas\u00f3knak! Nappal biciklis pizzafut\u00e1r vagyok, \u00e9jszaka pedig egy t\u00f6rekv\u0151 sz\u00edn\u00e9sz-tanonc, ez pedig az \u00e9n weboldalam.<br>Budapesten \u00e9lek \u00e9s van egy csod\u00e1latos n\u00e9met juh\u00e1sz kuty\u00e1m, aki Velorex n\u00e9vre hallgat. Kedvenc kokt\u00e9lom a Pi\u00f1a Colada, de a Mojitot is nagyon kedvelem. (De, az\u00e9rt az igazi ned\u0171: egy b\u00e1rsonyos v\u00f6r\u00f6sbor.)<\/p><\/blockquote>\n<!-- \/wp:quote -->\n\n<!-- wp:paragraph -->\n<p>\u2026vagy valami eg\u00e9szen m\u00e1s:<\/p>\n<!-- \/wp:paragraph -->\n\n<!-- wp:quote -->\n<blockquote class=\"wp-block-quote\"><p>Az XYZ Bigy\u00f3 V\u00e1llalatot 1971-ben alap\u00edtott\u00e1k, az\u00f3ta gy\u00e1rtja a legjobb min\u0151s\u00e9g\u0171 bigy\u00f3kat. A c\u00e9g k\u00f6zpontja Budapesten tal\u00e1lhat\u00f3, ahol t\u00f6bb mint 2000 embert foglalkoztatnak, valamint sz\u00e1mos k\u00f6z\u00f6ss\u00e9gi \u00e9s j\u00f3t\u00e9konys\u00e1gi programban is akt\u00edvan r\u00e9sztvesznek.<\/p><\/blockquote>\n<!-- \/wp:quote -->\n\n<!-- wp:paragraph -->\n<p>\u00daj WordPress felhaszn\u00e1l\u00f3k\u00e9nt a <a href=\"https:\/\/onlineistentisztelet.hu\/test\/wp-admin\/\">Vez\u00e9rl\u0151pult<\/a> r\u00e9szre ugorva lehet t\u00f6r\u00f6lni ezt az oldalt, \u00e9s l\u00e9trehozni egy \u00faja oldalt a saj\u00e1t tartalmunk r\u00e9sz\u00e9re. J\u00f3 sz\u00f3rakoz\u00e1st!<\/p>\n<!-- \/wp:paragraph -->","_et_gb_content_width":""},"_links":{"self":[{"href":"https:\/\/onlineistentisztelet.hu\/test\/index.php?rest_route=\/wp\/v2\/pages\/2"}],"collection":[{"href":"https:\/\/onlineistentisztelet.hu\/test\/index.php?rest_route=\/wp\/v2\/pages"}],"about":[{"href":"https:\/\/onlineistentisztelet.hu\/test\/index.php?rest_route=\/wp\/v2\/types\/page"}],"author":[{"embeddable":true,"href":"https:\/\/onlineistentisztelet.hu\/test\/index.php?rest_route=\/wp\/v2\/users\/1"}],"replies":[{"embeddable":true,"href":"https:\/\/onlineistentisztelet.hu\/test\/index.php?rest_route=%2Fwp%2Fv2%2Fcomments&post=2"}],"version-history":[{"count":48,"href":"https:\/\/onlineistentisztelet.hu\/test\/index.php?rest_route=\/wp\/v2\/pages\/2\/revisions"}],"predecessor-version":[{"id":339,"href":"https:\/\/onlineistentisztelet.hu\/test\/index.php?rest_route=\/wp\/v2\/pages\/2\/revisions\/339"}],"wp:attachment":[{"href":"https:\/\/onlineistentisztelet.hu\/test\/index.php?rest_route=%2Fwp%2Fv2%2Fmedia&parent=2"}],"curies":[{"name":"wp","href":"https:\/\/api.w.org\/{rel}","templated":true}]}}